{"id":3441,"date":"2023-11-29T08:37:37","date_gmt":"2023-11-29T08:37:37","guid":{"rendered":"https:\/\/www.ferrcos.es\/noticias\/"},"modified":"2024-12-10T13:04:56","modified_gmt":"2024-12-10T13:04:56","slug":"noticias","status":"publish","type":"page","link":"https:\/\/www.ferrcos.es\/fr\/noticias\/","title":{"rendered":"Nouvelles"},"content":{"rendered":"\t\t<div data-elementor-type=\"wp-page\" data-elementor-id=\"3441\" class=\"elementor elementor-3441 elementor-392\" data-elementor-settings=\"{&quot;ha_cmc_init_switcher&quot;:&quot;no&quot;}\" data-elementor-post-type=\"page\">\n\t\t\t\t\t\t<section class=\"elementor-section elementor-top-section elementor-element elementor-element-c20a10c elementor-section-boxed elementor-section-height-default elementor-section-height-default\" data-id=\"c20a10c\" data-element_type=\"section\" data-e-type=\"section\" data-settings=\"{&quot;background_background&quot;:&quot;slideshow&quot;,&quot;background_slideshow_gallery&quot;:[{&quot;id&quot;:2119,&quot;url&quot;:&quot;https:\\\/\\\/www.ferrcos.es\\\/wp-content\\\/uploads\\\/2024\\\/02\\\/OVEN_Pablo_Roig_Daniel_Schafer_049.jpg&quot;},{&quot;id&quot;:1681,&quot;url&quot;:&quot;https:\\\/\\\/www.ferrcos.es\\\/wp-content\\\/uploads\\\/2024\\\/01\\\/DSC02772-HDR-1-scaled.jpg&quot;},{&quot;id&quot;:1927,&quot;url&quot;:&quot;https:\\\/\\\/www.ferrcos.es\\\/wp-content\\\/uploads\\\/2024\\\/02\\\/restaurante-carbon-negro-8601-18-1.jpg&quot;},{&quot;id&quot;:2118,&quot;url&quot;:&quot;https:\\\/\\\/www.ferrcos.es\\\/wp-content\\\/uploads\\\/2024\\\/02\\\/DICHOSO-ESTUDIO_XIPE_CASTELLANA-105_18_ENERO_2023_G1A7208-HDR-Editar-scaled.jpg&quot;}],&quot;background_slideshow_slide_duration&quot;:3000,&quot;background_slideshow_loop&quot;:&quot;yes&quot;,&quot;background_slideshow_slide_transition&quot;:&quot;fade&quot;,&quot;background_slideshow_transition_duration&quot;:500,&quot;_ha_eqh_enable&quot;:false}\">\n\t\t\t\t\t\t<div class=\"elementor-container elementor-column-gap-default\">\n\t\t\t\t\t<div class=\"elementor-column elementor-col-50 elementor-top-column elementor-element elementor-element-4835b4c\" data-id=\"4835b4c\" data-element_type=\"column\" data-e-type=\"column\" data-settings=\"{&quot;background_background&quot;:&quot;classic&quot;}\">\n\t\t\t<div class=\"elementor-widget-wrap elementor-element-populated\">\n\t\t\t\t\t\t<div class=\"elementor-element elementor-element-2603660 elementor-widget elementor-widget-heading\" data-id=\"2603660\" data-element_type=\"widget\" data-e-type=\"widget\" data-widget_type=\"heading.default\">\n\t\t\t\t\t<h1 class=\"elementor-heading-title elementor-size-default\">Nouvelles<\/h1>\t\t\t\t<\/div>\n\t\t\t\t\t<\/div>\n\t\t<\/div>\n\t\t\t\t<div class=\"elementor-column elementor-col-50 elementor-top-column elementor-element elementor-element-41e48db\" data-id=\"41e48db\" data-element_type=\"column\" data-e-type=\"column\">\n\t\t\t<div class=\"elementor-widget-wrap\">\n\t\t\t\t\t\t\t<\/div>\n\t\t<\/div>\n\t\t\t\t\t<\/div>\n\t\t<\/section>\n\t\t\t\t<section class=\"elementor-section elementor-top-section elementor-element elementor-element-edcf760 elementor-section-boxed elementor-section-height-default elementor-section-height-default\" data-id=\"edcf760\" data-element_type=\"section\" data-e-type=\"section\" data-settings=\"{&quot;_ha_eqh_enable&quot;:false}\">\n\t\t\t\t\t\t<div class=\"elementor-container elementor-column-gap-default\">\n\t\t\t\t\t<div class=\"elementor-column elementor-col-100 elementor-top-column elementor-element elementor-element-17a035a\" data-id=\"17a035a\" data-element_type=\"column\" data-e-type=\"column\">\n\t\t\t<div class=\"elementor-widget-wrap elementor-element-populated\">\n\t\t\t\t\t\t<div class=\"elementor-element elementor-element-4a58933 premium-blog-align-left elementor-widget elementor-widget-premium-addon-blog\" data-id=\"4a58933\" data-element_type=\"widget\" data-e-type=\"widget\" data-settings=\"{&quot;premium_blog_columns_number&quot;:&quot;33.33%&quot;,&quot;premium_blog_grid&quot;:&quot;yes&quot;,&quot;premium_blog_layout&quot;:&quot;even&quot;,&quot;premium_blog_columns_number_tablet&quot;:&quot;50%&quot;,&quot;premium_blog_columns_number_mobile&quot;:&quot;100%&quot;,&quot;scroll_to_offset&quot;:&quot;yes&quot;,&quot;filter_flag&quot;:&quot;cat&quot;}\" data-widget_type=\"premium-addon-blog.default\">\n\t\t\t\t\t\n\t\t\t\t\t\t\t<div class=\"premium-blog-filter\">\n\t\t\t<ul class=\"premium-blog-filters-container\">\n\t\t\t\t\t\t\t\t\t<li>\n\t\t\t\t\t\t<a href=\"javascript:;\" class=\"category active\" data-filter=\"*\">\n\t\t\t\t\t\t\tTodas\t\t\t\t\t\t<\/a>\n\t\t\t\t\t<\/li>\n\t\t\t\t\t\t\t\t\t\t\t\t\t\t<li>\n\t\t\t\t\t\t\t<a href=\"javascript:;\" class=\"category\" data-filter=\"entreprise\">\n\t\t\t\t\t\t\t\tEntreprise\t\t\t\t\t\t\t<\/a>\n\t\t\t\t\t\t<\/li>\n\t\t\t\t\t\t\t\t\t\t<li>\n\t\t\t\t\t\t\t<a href=\"javascript:;\" class=\"category\" data-filter=\"productos-fr\">\n\t\t\t\t\t\t\t\tProduits\t\t\t\t\t\t\t<\/a>\n\t\t\t\t\t\t<\/li>\n\t\t\t\t\t\t\t\t\t\t<li>\n\t\t\t\t\t\t\t<a href=\"javascript:;\" class=\"category\" data-filter=\"proyectos-fr\">\n\t\t\t\t\t\t\t\tProjets\t\t\t\t\t\t\t<\/a>\n\t\t\t\t\t\t<\/li>\n\t\t\t\t\t\t\t\t\t\t<li>\n\t\t\t\t\t\t\t<a href=\"javascript:;\" class=\"category\" data-filter=\"tendencias-fr\">\n\t\t\t\t\t\t\t\tTendances\t\t\t\t\t\t\t<\/a>\n\t\t\t\t\t\t<\/li>\n\t\t\t\t\t\t\t<\/ul>\n\t\t<\/div>\n\t\t\t\t\n\n\t\t\t\t<div class=\"premium-blog-wrap  premium-blog-even\" data-page=\"3441\" data-pagination=\"true\">\n\t\t\t\t\t\t\t\t\t<div class=\"premium-blog-post-outer-container restaurantes-fr proyectos-fr\" data-total=\"6\">\n\t\t\t<div class=\"premium-blog-post-container premium-blog-skin-classic\">\n\t\t\t\t\t\t\t\t\t<div class=\"premium-blog-thumb-effect-wrapper\">\n\t\t\t\t\t\t<div class=\"premium-blog-thumbnail-container premium-blog-zoomin-effect\">\n\t\t\t\t\t\t\t<img fetchpriority=\"high\" decoding=\"async\" width=\"2560\" height=\"1973\" src=\"https:\/\/www.ferrcos.es\/wp-content\/uploads\/2026\/04\/DSC_6566-Pano_LOLO_Mex_by_Carne-Ph_Javier_de_Paz_Garcia-scaled.jpg\" class=\"attachment-full size-full wp-image-7166\" alt=\"\" srcset=\"https:\/\/www.ferrcos.es\/wp-content\/uploads\/2026\/04\/DSC_6566-Pano_LOLO_Mex_by_Carne-Ph_Javier_de_Paz_Garcia-scaled.jpg 2560w, https:\/\/www.ferrcos.es\/wp-content\/uploads\/2026\/04\/DSC_6566-Pano_LOLO_Mex_by_Carne-Ph_Javier_de_Paz_Garcia-300x231.jpg 300w, https:\/\/www.ferrcos.es\/wp-content\/uploads\/2026\/04\/DSC_6566-Pano_LOLO_Mex_by_Carne-Ph_Javier_de_Paz_Garcia-1024x789.jpg 1024w, https:\/\/www.ferrcos.es\/wp-content\/uploads\/2026\/04\/DSC_6566-Pano_LOLO_Mex_by_Carne-Ph_Javier_de_Paz_Garcia-768x592.jpg 768w, https:\/\/www.ferrcos.es\/wp-content\/uploads\/2026\/04\/DSC_6566-Pano_LOLO_Mex_by_Carne-Ph_Javier_de_Paz_Garcia-1536x1184.jpg 1536w, https:\/\/www.ferrcos.es\/wp-content\/uploads\/2026\/04\/DSC_6566-Pano_LOLO_Mex_by_Carne-Ph_Javier_de_Paz_Garcia-2048x1578.jpg 2048w\" sizes=\"(max-width: 2560px) 100vw, 2560px\" \/>\t\t\t\t\t\t<\/div>\n\t\t\t\t\t\t\t\t\t\t\t\t\t<div class=\"premium-blog-thumbnail-overlay\">\n\t\t\t\t\t\t\t\t<a class=\"elementor-icon\" href=\"https:\/\/www.ferrcos.es\/fr\/lolo-taco-bar-materialidad-identidad-y-experiencia-en-un-mismo-espacio\/\" target=\"_self\"><\/a>\n\t\t\t\t\t\t\t<\/div>\n\n\t\t\t\t\t\t\t\t\t\t\t\t\t\t\t\t\t\t<\/div>\n\t\t\t\t\t\t\t\t\t\t\t\t<div class=\"premium-blog-content-wrapper \">\n\n\t\t\t\t\t<div class=\"premium-blog-inner-container\">\n\n\t\t\t\t\t\t\t\t\t\t\t\t\t\t<h2 class=\"premium-blog-entry-title\">\n\t\t\t<a href=\"https:\/\/www.ferrcos.es\/fr\/lolo-taco-bar-materialidad-identidad-y-experiencia-en-un-mismo-espacio\/\" target=\"_self\">\n\t\t\t\tLOLO Taco Bar : un projet o\u00f9 l\u2019espace construit l\u2019exp\u00e9rience\t\t\t<\/a>\n\t\t<\/h2>\n\t\t\t\t<div class=\"premium-blog-entry-meta\">\n\t\t\t\n\t\t\t\n\t\t\t\t\t\t\t<span class=\"premium-blog-meta-separator\">\u2022<\/span>\n\t\t\t\t<div class=\"premium-blog-post-categories premium-blog-meta-data\">\n\t\t\t\t\t<i class=\"fa fa-align-left fa-fw\" aria-hidden=\"true\"><\/i>\n\t\t\t\t\t<a href=\"https:\/\/www.ferrcos.es\/fr\/category\/restaurantes-fr\/\" rel=\"category tag\">-Restaurantes<\/a>, <a href=\"https:\/\/www.ferrcos.es\/fr\/category\/proyectos-fr\/\" rel=\"category tag\">Projets<\/a>\t\t\t\t<\/div>\n\t\t\t\n\t\t\t\t\t<\/div>\n\t\t\n\t\t\t\t\t<\/div>\n\n\t\t\t\t\t\t\t\t\t\t\n\t\t\t\t<\/div>\n\t\t\t<\/div>\n\t\t<\/div>\n\n\t\t\t\t<div class=\"premium-blog-post-outer-container comercial-fr proyectos-fr\" data-total=\"6\">\n\t\t\t<div class=\"premium-blog-post-container premium-blog-skin-classic\">\n\t\t\t\t\t\t\t\t\t<div class=\"premium-blog-thumb-effect-wrapper\">\n\t\t\t\t\t\t<div class=\"premium-blog-thumbnail-container premium-blog-zoomin-effect\">\n\t\t\t\t\t\t\t<img decoding=\"async\" width=\"1800\" height=\"1200\" src=\"https:\/\/www.ferrcos.es\/wp-content\/uploads\/2026\/04\/callejon_4.jpg\" class=\"attachment-full size-full wp-image-7078\" alt=\"\" srcset=\"https:\/\/www.ferrcos.es\/wp-content\/uploads\/2026\/04\/callejon_4.jpg 1800w, https:\/\/www.ferrcos.es\/wp-content\/uploads\/2026\/04\/callejon_4-300x200.jpg 300w, https:\/\/www.ferrcos.es\/wp-content\/uploads\/2026\/04\/callejon_4-1024x683.jpg 1024w, https:\/\/www.ferrcos.es\/wp-content\/uploads\/2026\/04\/callejon_4-768x512.jpg 768w, https:\/\/www.ferrcos.es\/wp-content\/uploads\/2026\/04\/callejon_4-1536x1024.jpg 1536w\" sizes=\"(max-width: 1800px) 100vw, 1800px\" \/>\t\t\t\t\t\t<\/div>\n\t\t\t\t\t\t\t\t\t\t\t\t\t<div class=\"premium-blog-thumbnail-overlay\">\n\t\t\t\t\t\t\t\t<a class=\"elementor-icon\" href=\"https:\/\/www.ferrcos.es\/fr\/el-callejon-nuga-castellana-madrid\/\" target=\"_self\"><\/a>\n\t\t\t\t\t\t\t<\/div>\n\n\t\t\t\t\t\t\t\t\t\t\t\t\t\t\t\t\t\t<\/div>\n\t\t\t\t\t\t\t\t\t\t\t\t<div class=\"premium-blog-content-wrapper \">\n\n\t\t\t\t\t<div class=\"premium-blog-inner-container\">\n\n\t\t\t\t\t\t\t\t\t\t\t\t\t\t<h2 class=\"premium-blog-entry-title\">\n\t\t\t<a href=\"https:\/\/www.ferrcos.es\/fr\/el-callejon-nuga-castellana-madrid\/\" target=\"_self\">\n\t\t\t\tEl Callej\u00f3n \u2014 Nuga Castellana, Madrid\t\t\t<\/a>\n\t\t<\/h2>\n\t\t\t\t<div class=\"premium-blog-entry-meta\">\n\t\t\t\n\t\t\t\n\t\t\t\t\t\t\t<span class=\"premium-blog-meta-separator\">\u2022<\/span>\n\t\t\t\t<div class=\"premium-blog-post-categories premium-blog-meta-data\">\n\t\t\t\t\t<i class=\"fa fa-align-left fa-fw\" aria-hidden=\"true\"><\/i>\n\t\t\t\t\t<a href=\"https:\/\/www.ferrcos.es\/fr\/category\/comercial-fr\/\" rel=\"category tag\">-Comercial<\/a>, <a href=\"https:\/\/www.ferrcos.es\/fr\/category\/proyectos-fr\/\" rel=\"category tag\">Projets<\/a>\t\t\t\t<\/div>\n\t\t\t\n\t\t\t\t\t<\/div>\n\t\t\n\t\t\t\t\t<\/div>\n\n\t\t\t\t\t\t\t\t\t\t\n\t\t\t\t<\/div>\n\t\t\t<\/div>\n\t\t<\/div>\n\n\t\t\t\t<div class=\"premium-blog-post-outer-container nuevas-coleccciones-ceramica-fr productos-fr\" data-total=\"6\">\n\t\t\t<div class=\"premium-blog-post-container premium-blog-skin-classic\">\n\t\t\t\t\t\t\t\t\t<div class=\"premium-blog-thumb-effect-wrapper\">\n\t\t\t\t\t\t<div class=\"premium-blog-thumbnail-container premium-blog-zoomin-effect\">\n\t\t\t\t\t\t\t<img decoding=\"async\" width=\"1000\" height=\"675\" src=\"https:\/\/www.ferrcos.es\/wp-content\/uploads\/2026\/03\/rosa-gres-porcelanico-colleccion-coral-01.webp\" class=\"attachment-full size-full wp-image-7041\" alt=\"\" srcset=\"https:\/\/www.ferrcos.es\/wp-content\/uploads\/2026\/03\/rosa-gres-porcelanico-colleccion-coral-01.webp 1000w, https:\/\/www.ferrcos.es\/wp-content\/uploads\/2026\/03\/rosa-gres-porcelanico-colleccion-coral-01-300x203.webp 300w, https:\/\/www.ferrcos.es\/wp-content\/uploads\/2026\/03\/rosa-gres-porcelanico-colleccion-coral-01-768x518.webp 768w\" sizes=\"(max-width: 1000px) 100vw, 1000px\" \/>\t\t\t\t\t\t<\/div>\n\t\t\t\t\t\t\t\t\t\t\t\t\t<div class=\"premium-blog-thumbnail-overlay\">\n\t\t\t\t\t\t\t\t<a class=\"elementor-icon\" href=\"https:\/\/www.ferrcos.es\/fr\/coral-la-esencia-del-mar-convertida-en-arquitectura\/\" target=\"_self\"><\/a>\n\t\t\t\t\t\t\t<\/div>\n\n\t\t\t\t\t\t\t\t\t\t\t\t\t\t\t\t\t\t<\/div>\n\t\t\t\t\t\t\t\t\t\t\t\t<div class=\"premium-blog-content-wrapper \">\n\n\t\t\t\t\t<div class=\"premium-blog-inner-container\">\n\n\t\t\t\t\t\t\t\t\t\t\t\t\t\t<h2 class=\"premium-blog-entry-title\">\n\t\t\t<a href=\"https:\/\/www.ferrcos.es\/fr\/coral-la-esencia-del-mar-convertida-en-arquitectura\/\" target=\"_self\">\n\t\t\t\tCoral : l\u2019essence de la mer transform\u00e9e en architecture\t\t\t<\/a>\n\t\t<\/h2>\n\t\t\t\t<div class=\"premium-blog-entry-meta\">\n\t\t\t\n\t\t\t\n\t\t\t\t\t\t\t<span class=\"premium-blog-meta-separator\">\u2022<\/span>\n\t\t\t\t<div class=\"premium-blog-post-categories premium-blog-meta-data\">\n\t\t\t\t\t<i class=\"fa fa-align-left fa-fw\" aria-hidden=\"true\"><\/i>\n\t\t\t\t\t<a href=\"https:\/\/www.ferrcos.es\/fr\/category\/nuevas-coleccciones-ceramica-fr\/\" rel=\"category tag\">Nuevas coleccciones &#8211; Cer\u00e1mica<\/a>, <a href=\"https:\/\/www.ferrcos.es\/fr\/category\/productos-fr\/\" rel=\"category tag\">Produits<\/a>\t\t\t\t<\/div>\n\t\t\t\n\t\t\t\t\t<\/div>\n\t\t\n\t\t\t\t\t<\/div>\n\n\t\t\t\t\t\t\t\t\t\t\n\t\t\t\t<\/div>\n\t\t\t<\/div>\n\t\t<\/div>\n\n\t\t\t\t<div class=\"premium-blog-post-outer-container nuevas-coleccciones-ceramica-fr productos-fr\" data-total=\"6\">\n\t\t\t<div class=\"premium-blog-post-container premium-blog-skin-classic\">\n\t\t\t\t\t\t\t\t\t<div class=\"premium-blog-thumb-effect-wrapper\">\n\t\t\t\t\t\t<div class=\"premium-blog-thumbnail-container premium-blog-zoomin-effect\">\n\t\t\t\t\t\t\t<img loading=\"lazy\" decoding=\"async\" width=\"1890\" height=\"1472\" src=\"https:\/\/www.ferrcos.es\/wp-content\/uploads\/2026\/03\/Captura-de-pantalla-2026-03-25-a-las-13.21.11.png\" class=\"attachment-full size-full wp-image-7030\" alt=\"\" srcset=\"https:\/\/www.ferrcos.es\/wp-content\/uploads\/2026\/03\/Captura-de-pantalla-2026-03-25-a-las-13.21.11.png 1890w, https:\/\/www.ferrcos.es\/wp-content\/uploads\/2026\/03\/Captura-de-pantalla-2026-03-25-a-las-13.21.11-300x234.png 300w, https:\/\/www.ferrcos.es\/wp-content\/uploads\/2026\/03\/Captura-de-pantalla-2026-03-25-a-las-13.21.11-1024x798.png 1024w, https:\/\/www.ferrcos.es\/wp-content\/uploads\/2026\/03\/Captura-de-pantalla-2026-03-25-a-las-13.21.11-768x598.png 768w, https:\/\/www.ferrcos.es\/wp-content\/uploads\/2026\/03\/Captura-de-pantalla-2026-03-25-a-las-13.21.11-1536x1196.png 1536w\" sizes=\"(max-width: 1890px) 100vw, 1890px\" \/>\t\t\t\t\t\t<\/div>\n\t\t\t\t\t\t\t\t\t\t\t\t\t<div class=\"premium-blog-thumbnail-overlay\">\n\t\t\t\t\t\t\t\t<a class=\"elementor-icon\" href=\"https:\/\/www.ferrcos.es\/fr\/bamboo\/\" target=\"_self\"><\/a>\n\t\t\t\t\t\t\t<\/div>\n\n\t\t\t\t\t\t\t\t\t\t\t\t\t\t\t\t\t\t<\/div>\n\t\t\t\t\t\t\t\t\t\t\t\t<div class=\"premium-blog-content-wrapper \">\n\n\t\t\t\t\t<div class=\"premium-blog-inner-container\">\n\n\t\t\t\t\t\t\t\t\t\t\t\t\t\t<h2 class=\"premium-blog-entry-title\">\n\t\t\t<a href=\"https:\/\/www.ferrcos.es\/fr\/bamboo\/\" target=\"_self\">\n\t\t\t\tBamboo, le calme de la nature r\u00e9interpr\u00e9t\u00e9 en c\u00e9ramique\t\t\t<\/a>\n\t\t<\/h2>\n\t\t\t\t<div class=\"premium-blog-entry-meta\">\n\t\t\t\n\t\t\t\n\t\t\t\t\t\t\t<span class=\"premium-blog-meta-separator\">\u2022<\/span>\n\t\t\t\t<div class=\"premium-blog-post-categories premium-blog-meta-data\">\n\t\t\t\t\t<i class=\"fa fa-align-left fa-fw\" aria-hidden=\"true\"><\/i>\n\t\t\t\t\t<a href=\"https:\/\/www.ferrcos.es\/fr\/category\/nuevas-coleccciones-ceramica-fr\/\" rel=\"category tag\">Nuevas coleccciones &#8211; Cer\u00e1mica<\/a>, <a href=\"https:\/\/www.ferrcos.es\/fr\/category\/productos-fr\/\" rel=\"category tag\">Produits<\/a>\t\t\t\t<\/div>\n\t\t\t\n\t\t\t\t\t<\/div>\n\t\t\n\t\t\t\t\t<\/div>\n\n\t\t\t\t\t\t\t\t\t\t\n\t\t\t\t<\/div>\n\t\t\t<\/div>\n\t\t<\/div>\n\n\t\t\t\t<div class=\"premium-blog-post-outer-container nuevas-colecciones-griferia-fr productos-fr\" data-total=\"6\">\n\t\t\t<div class=\"premium-blog-post-container premium-blog-skin-classic\">\n\t\t\t\t\t\t\t\t\t<div class=\"premium-blog-thumb-effect-wrapper\">\n\t\t\t\t\t\t<div class=\"premium-blog-thumbnail-container premium-blog-zoomin-effect\">\n\t\t\t\t\t\t\t<img loading=\"lazy\" decoding=\"async\" width=\"968\" height=\"1292\" src=\"https:\/\/www.ferrcos.es\/wp-content\/uploads\/2026\/03\/Captura-de-pantalla-2026-03-25-a-las-9.36.09-1.png\" class=\"attachment-full size-full wp-image-6956\" alt=\"\" srcset=\"https:\/\/www.ferrcos.es\/wp-content\/uploads\/2026\/03\/Captura-de-pantalla-2026-03-25-a-las-9.36.09-1.png 968w, https:\/\/www.ferrcos.es\/wp-content\/uploads\/2026\/03\/Captura-de-pantalla-2026-03-25-a-las-9.36.09-1-225x300.png 225w, https:\/\/www.ferrcos.es\/wp-content\/uploads\/2026\/03\/Captura-de-pantalla-2026-03-25-a-las-9.36.09-1-767x1024.png 767w, https:\/\/www.ferrcos.es\/wp-content\/uploads\/2026\/03\/Captura-de-pantalla-2026-03-25-a-las-9.36.09-1-768x1025.png 768w\" sizes=\"(max-width: 968px) 100vw, 968px\" \/>\t\t\t\t\t\t<\/div>\n\t\t\t\t\t\t\t\t\t\t\t\t\t<div class=\"premium-blog-thumbnail-overlay\">\n\t\t\t\t\t\t\t\t<a class=\"elementor-icon\" href=\"https:\/\/www.ferrcos.es\/fr\/respiro-by-nobili\/\" target=\"_self\"><\/a>\n\t\t\t\t\t\t\t<\/div>\n\n\t\t\t\t\t\t\t\t\t\t\t\t\t\t\t\t\t\t<\/div>\n\t\t\t\t\t\t\t\t\t\t\t\t<div class=\"premium-blog-content-wrapper \">\n\n\t\t\t\t\t<div class=\"premium-blog-inner-container\">\n\n\t\t\t\t\t\t\t\t\t\t\t\t\t\t<h2 class=\"premium-blog-entry-title\">\n\t\t\t<a href=\"https:\/\/www.ferrcos.es\/fr\/respiro-by-nobili\/\" target=\"_self\">\n\t\t\t\tRespiro by Nobili\t\t\t<\/a>\n\t\t<\/h2>\n\t\t\t\t<div class=\"premium-blog-entry-meta\">\n\t\t\t\n\t\t\t\n\t\t\t\t\t\t\t<span class=\"premium-blog-meta-separator\">\u2022<\/span>\n\t\t\t\t<div class=\"premium-blog-post-categories premium-blog-meta-data\">\n\t\t\t\t\t<i class=\"fa fa-align-left fa-fw\" aria-hidden=\"true\"><\/i>\n\t\t\t\t\t<a href=\"https:\/\/www.ferrcos.es\/fr\/category\/nuevas-colecciones-griferia-fr\/\" rel=\"category tag\">Nouvelles collections - robinetterie<\/a>, <a href=\"https:\/\/www.ferrcos.es\/fr\/category\/productos-fr\/\" rel=\"category tag\">Produits<\/a>\t\t\t\t<\/div>\n\t\t\t\n\t\t\t\t\t<\/div>\n\t\t\n\t\t\t\t\t<\/div>\n\n\t\t\t\t\t\t\t\t\t\t\n\t\t\t\t<\/div>\n\t\t\t<\/div>\n\t\t<\/div>\n\n\t\t\t\t<div class=\"premium-blog-post-outer-container nuevas-colecciones-papel-vinilico-fr productos-fr\" data-total=\"6\">\n\t\t\t<div class=\"premium-blog-post-container premium-blog-skin-classic\">\n\t\t\t\t\t\t\t\t\t<div class=\"premium-blog-thumb-effect-wrapper\">\n\t\t\t\t\t\t<div class=\"premium-blog-thumbnail-container premium-blog-zoomin-effect\">\n\t\t\t\t\t\t\t<img loading=\"lazy\" decoding=\"async\" width=\"1080\" height=\"1350\" src=\"https:\/\/www.ferrcos.es\/wp-content\/uploads\/2026\/03\/ARBOLES_INKTDLI2503_amb.jpg\" class=\"attachment-full size-full wp-image-6864\" alt=\"\" srcset=\"https:\/\/www.ferrcos.es\/wp-content\/uploads\/2026\/03\/ARBOLES_INKTDLI2503_amb.jpg 1080w, https:\/\/www.ferrcos.es\/wp-content\/uploads\/2026\/03\/ARBOLES_INKTDLI2503_amb-240x300.jpg 240w, https:\/\/www.ferrcos.es\/wp-content\/uploads\/2026\/03\/ARBOLES_INKTDLI2503_amb-819x1024.jpg 819w, https:\/\/www.ferrcos.es\/wp-content\/uploads\/2026\/03\/ARBOLES_INKTDLI2503_amb-768x960.jpg 768w\" sizes=\"(max-width: 1080px) 100vw, 1080px\" \/>\t\t\t\t\t\t<\/div>\n\t\t\t\t\t\t\t\t\t\t\t\t\t<div class=\"premium-blog-thumbnail-overlay\">\n\t\t\t\t\t\t\t\t<a class=\"elementor-icon\" href=\"https:\/\/www.ferrcos.es\/fr\/flamenco-by-inkiostro-bianco\/\" target=\"_self\"><\/a>\n\t\t\t\t\t\t\t<\/div>\n\n\t\t\t\t\t\t\t\t\t\t\t\t\t\t\t\t\t\t<\/div>\n\t\t\t\t\t\t\t\t\t\t\t\t<div class=\"premium-blog-content-wrapper \">\n\n\t\t\t\t\t<div class=\"premium-blog-inner-container\">\n\n\t\t\t\t\t\t\t\t\t\t\t\t\t\t<h2 class=\"premium-blog-entry-title\">\n\t\t\t<a href=\"https:\/\/www.ferrcos.es\/fr\/flamenco-by-inkiostro-bianco\/\" target=\"_self\">\n\t\t\t\tFlamenco by Inkiostro Bianco\t\t\t<\/a>\n\t\t<\/h2>\n\t\t\t\t<div class=\"premium-blog-entry-meta\">\n\t\t\t\n\t\t\t\n\t\t\t\t\t\t\t<span class=\"premium-blog-meta-separator\">\u2022<\/span>\n\t\t\t\t<div class=\"premium-blog-post-categories premium-blog-meta-data\">\n\t\t\t\t\t<i class=\"fa fa-align-left fa-fw\" aria-hidden=\"true\"><\/i>\n\t\t\t\t\t<a href=\"https:\/\/www.ferrcos.es\/fr\/category\/nuevas-colecciones-papel-vinilico-fr\/\" rel=\"category tag\">Nuevas colecciones &#8211; Papel vin\u00edlico<\/a>, <a href=\"https:\/\/www.ferrcos.es\/fr\/category\/productos-fr\/\" rel=\"category tag\">Produits<\/a>\t\t\t\t<\/div>\n\t\t\t\n\t\t\t\t\t<\/div>\n\t\t\n\t\t\t\t\t<\/div>\n\n\t\t\t\t\t\t\t\t\t\t\n\t\t\t\t<\/div>\n\t\t\t<\/div>\n\t\t<\/div>\n\n\t\t\t\t<div class=\"premium-blog-post-outer-container nuevas-colecciones-complementos-bano-fr productos-fr\" data-total=\"6\">\n\t\t\t<div class=\"premium-blog-post-container premium-blog-skin-classic\">\n\t\t\t\t\t\t\t\t\t<div class=\"premium-blog-thumb-effect-wrapper\">\n\t\t\t\t\t\t<div class=\"premium-blog-thumbnail-container premium-blog-zoomin-effect\">\n\t\t\t\t\t\t\t<img loading=\"lazy\" decoding=\"async\" width=\"2560\" height=\"1931\" src=\"https:\/\/www.ferrcos.es\/wp-content\/uploads\/2026\/03\/template-gallery_Tavola-disegno-1-1-scaled-3-1.jpg\" class=\"attachment-full size-full wp-image-6850\" alt=\"\" srcset=\"https:\/\/www.ferrcos.es\/wp-content\/uploads\/2026\/03\/template-gallery_Tavola-disegno-1-1-scaled-3-1.jpg 2560w, https:\/\/www.ferrcos.es\/wp-content\/uploads\/2026\/03\/template-gallery_Tavola-disegno-1-1-scaled-3-1-300x226.jpg 300w, https:\/\/www.ferrcos.es\/wp-content\/uploads\/2026\/03\/template-gallery_Tavola-disegno-1-1-scaled-3-1-1024x772.jpg 1024w, https:\/\/www.ferrcos.es\/wp-content\/uploads\/2026\/03\/template-gallery_Tavola-disegno-1-1-scaled-3-1-768x579.jpg 768w, https:\/\/www.ferrcos.es\/wp-content\/uploads\/2026\/03\/template-gallery_Tavola-disegno-1-1-scaled-3-1-1536x1159.jpg 1536w, https:\/\/www.ferrcos.es\/wp-content\/uploads\/2026\/03\/template-gallery_Tavola-disegno-1-1-scaled-3-1-2048x1545.jpg 2048w\" sizes=\"(max-width: 2560px) 100vw, 2560px\" \/>\t\t\t\t\t\t<\/div>\n\t\t\t\t\t\t\t\t\t\t\t\t\t<div class=\"premium-blog-thumbnail-overlay\">\n\t\t\t\t\t\t\t\t<a class=\"elementor-icon\" href=\"https:\/\/www.ferrcos.es\/fr\/carlo-tina\/\" target=\"_self\"><\/a>\n\t\t\t\t\t\t\t<\/div>\n\n\t\t\t\t\t\t\t\t\t\t\t\t\t\t\t\t\t\t<\/div>\n\t\t\t\t\t\t\t\t\t\t\t\t<div class=\"premium-blog-content-wrapper \">\n\n\t\t\t\t\t<div class=\"premium-blog-inner-container\">\n\n\t\t\t\t\t\t\t\t\t\t\t\t\t\t<h2 class=\"premium-blog-entry-title\">\n\t\t\t<a href=\"https:\/\/www.ferrcos.es\/fr\/carlo-tina\/\" target=\"_self\">\n\t\t\t\tCarlo &#038; Tina\t\t\t<\/a>\n\t\t<\/h2>\n\t\t\t\t<div class=\"premium-blog-entry-meta\">\n\t\t\t\n\t\t\t\n\t\t\t\t\t\t\t<span class=\"premium-blog-meta-separator\">\u2022<\/span>\n\t\t\t\t<div class=\"premium-blog-post-categories premium-blog-meta-data\">\n\t\t\t\t\t<i class=\"fa fa-align-left fa-fw\" aria-hidden=\"true\"><\/i>\n\t\t\t\t\t<a href=\"https:\/\/www.ferrcos.es\/fr\/category\/nuevas-colecciones-complementos-bano-fr\/\" rel=\"category tag\">Nuevas colecciones- Complementos Ba\u00f1o<\/a>, <a href=\"https:\/\/www.ferrcos.es\/fr\/category\/productos-fr\/\" rel=\"category tag\">Produits<\/a>\t\t\t\t<\/div>\n\t\t\t\n\t\t\t\t\t<\/div>\n\t\t\n\t\t\t\t\t<\/div>\n\n\t\t\t\t\t\t\t\t\t\t\n\t\t\t\t<\/div>\n\t\t\t<\/div>\n\t\t<\/div>\n\n\t\t\t\t<div class=\"premium-blog-post-outer-container nuevas-coleccciones-ceramica-fr productos-fr\" data-total=\"6\">\n\t\t\t<div class=\"premium-blog-post-container premium-blog-skin-classic\">\n\t\t\t\t\t\t\t\t\t<div class=\"premium-blog-thumb-effect-wrapper\">\n\t\t\t\t\t\t<div class=\"premium-blog-thumbnail-container premium-blog-zoomin-effect\">\n\t\t\t\t\t\t\t<img loading=\"lazy\" decoding=\"async\" width=\"2104\" height=\"1448\" src=\"https:\/\/www.ferrcos.es\/wp-content\/uploads\/2026\/03\/Captura-de-pantalla-2026-03-12-a-las-9.26.38.png\" class=\"attachment-full size-full wp-image-6712\" alt=\"\" srcset=\"https:\/\/www.ferrcos.es\/wp-content\/uploads\/2026\/03\/Captura-de-pantalla-2026-03-12-a-las-9.26.38.png 2104w, https:\/\/www.ferrcos.es\/wp-content\/uploads\/2026\/03\/Captura-de-pantalla-2026-03-12-a-las-9.26.38-300x206.png 300w, https:\/\/www.ferrcos.es\/wp-content\/uploads\/2026\/03\/Captura-de-pantalla-2026-03-12-a-las-9.26.38-1024x705.png 1024w, https:\/\/www.ferrcos.es\/wp-content\/uploads\/2026\/03\/Captura-de-pantalla-2026-03-12-a-las-9.26.38-768x529.png 768w, https:\/\/www.ferrcos.es\/wp-content\/uploads\/2026\/03\/Captura-de-pantalla-2026-03-12-a-las-9.26.38-1536x1057.png 1536w, https:\/\/www.ferrcos.es\/wp-content\/uploads\/2026\/03\/Captura-de-pantalla-2026-03-12-a-las-9.26.38-2048x1409.png 2048w\" sizes=\"(max-width: 2104px) 100vw, 2104px\" \/>\t\t\t\t\t\t<\/div>\n\t\t\t\t\t\t\t\t\t\t\t\t\t<div class=\"premium-blog-thumbnail-overlay\">\n\t\t\t\t\t\t\t\t<a class=\"elementor-icon\" href=\"https:\/\/www.ferrcos.es\/fr\/milano-sublime-linspiration-milanaise-au-service-des-espaces-contemporains\/\" target=\"_self\"><\/a>\n\t\t\t\t\t\t\t<\/div>\n\n\t\t\t\t\t\t\t\t\t\t\t\t\t\t\t\t\t\t<\/div>\n\t\t\t\t\t\t\t\t\t\t\t\t<div class=\"premium-blog-content-wrapper \">\n\n\t\t\t\t\t<div class=\"premium-blog-inner-container\">\n\n\t\t\t\t\t\t\t\t\t\t\t\t\t\t<h2 class=\"premium-blog-entry-title\">\n\t\t\t<a href=\"https:\/\/www.ferrcos.es\/fr\/milano-sublime-linspiration-milanaise-au-service-des-espaces-contemporains\/\" target=\"_self\">\n\t\t\t\tMilano Sublime : l\u2019inspiration milanaise au service des espaces contemporains\t\t\t<\/a>\n\t\t<\/h2>\n\t\t\t\t<div class=\"premium-blog-entry-meta\">\n\t\t\t\n\t\t\t\n\t\t\t\t\t\t\t<span class=\"premium-blog-meta-separator\">\u2022<\/span>\n\t\t\t\t<div class=\"premium-blog-post-categories premium-blog-meta-data\">\n\t\t\t\t\t<i class=\"fa fa-align-left fa-fw\" aria-hidden=\"true\"><\/i>\n\t\t\t\t\t<a href=\"https:\/\/www.ferrcos.es\/fr\/category\/nuevas-coleccciones-ceramica-fr\/\" rel=\"category tag\">Nuevas coleccciones &#8211; Cer\u00e1mica<\/a>, <a href=\"https:\/\/www.ferrcos.es\/fr\/category\/productos-fr\/\" rel=\"category tag\">Produits<\/a>\t\t\t\t<\/div>\n\t\t\t\n\t\t\t\t\t<\/div>\n\t\t\n\t\t\t\t\t<\/div>\n\n\t\t\t\t\t\t\t\t\t\t\n\t\t\t\t<\/div>\n\t\t\t<\/div>\n\t\t<\/div>\n\n\t\t\t\t<div class=\"premium-blog-post-outer-container nuevas-coleccciones-ceramica-fr productos-fr\" data-total=\"6\">\n\t\t\t<div class=\"premium-blog-post-container premium-blog-skin-classic\">\n\t\t\t\t\t\t\t\t\t<div class=\"premium-blog-thumb-effect-wrapper\">\n\t\t\t\t\t\t<div class=\"premium-blog-thumbnail-container premium-blog-zoomin-effect\">\n\t\t\t\t\t\t\t<img loading=\"lazy\" decoding=\"async\" width=\"2560\" height=\"1600\" src=\"https:\/\/www.ferrcos.es\/wp-content\/uploads\/2026\/03\/14436_z_20032025_MUTINA_AURORE_GENERALE_289_2640-scaled.jpg\" class=\"attachment-full size-full wp-image-6469\" alt=\"\" srcset=\"https:\/\/www.ferrcos.es\/wp-content\/uploads\/2026\/03\/14436_z_20032025_MUTINA_AURORE_GENERALE_289_2640-scaled.jpg 2560w, https:\/\/www.ferrcos.es\/wp-content\/uploads\/2026\/03\/14436_z_20032025_MUTINA_AURORE_GENERALE_289_2640-300x188.jpg 300w, https:\/\/www.ferrcos.es\/wp-content\/uploads\/2026\/03\/14436_z_20032025_MUTINA_AURORE_GENERALE_289_2640-1024x640.jpg 1024w, https:\/\/www.ferrcos.es\/wp-content\/uploads\/2026\/03\/14436_z_20032025_MUTINA_AURORE_GENERALE_289_2640-768x480.jpg 768w, https:\/\/www.ferrcos.es\/wp-content\/uploads\/2026\/03\/14436_z_20032025_MUTINA_AURORE_GENERALE_289_2640-1536x960.jpg 1536w, https:\/\/www.ferrcos.es\/wp-content\/uploads\/2026\/03\/14436_z_20032025_MUTINA_AURORE_GENERALE_289_2640-2048x1280.jpg 2048w\" sizes=\"(max-width: 2560px) 100vw, 2560px\" \/>\t\t\t\t\t\t<\/div>\n\t\t\t\t\t\t\t\t\t\t\t\t\t<div class=\"premium-blog-thumbnail-overlay\">\n\t\t\t\t\t\t\t\t<a class=\"elementor-icon\" href=\"https:\/\/www.ferrcos.es\/fr\/aurore-de-vincent-van-duysen-textura-sutil-y-arquitectura-silenciosa\/\" target=\"_self\"><\/a>\n\t\t\t\t\t\t\t<\/div>\n\n\t\t\t\t\t\t\t\t\t\t\t\t\t\t\t\t\t\t<\/div>\n\t\t\t\t\t\t\t\t\t\t\t\t<div class=\"premium-blog-content-wrapper \">\n\n\t\t\t\t\t<div class=\"premium-blog-inner-container\">\n\n\t\t\t\t\t\t\t\t\t\t\t\t\t\t<h2 class=\"premium-blog-entry-title\">\n\t\t\t<a href=\"https:\/\/www.ferrcos.es\/fr\/aurore-de-vincent-van-duysen-textura-sutil-y-arquitectura-silenciosa\/\" target=\"_self\">\n\t\t\t\tAurore par Vincent Van Duysen : texture subtile et architecture silencieuse\t\t\t<\/a>\n\t\t<\/h2>\n\t\t\t\t<div class=\"premium-blog-entry-meta\">\n\t\t\t\n\t\t\t\n\t\t\t\t\t\t\t<span class=\"premium-blog-meta-separator\">\u2022<\/span>\n\t\t\t\t<div class=\"premium-blog-post-categories premium-blog-meta-data\">\n\t\t\t\t\t<i class=\"fa fa-align-left fa-fw\" aria-hidden=\"true\"><\/i>\n\t\t\t\t\t<a href=\"https:\/\/www.ferrcos.es\/fr\/category\/nuevas-coleccciones-ceramica-fr\/\" rel=\"category tag\">Nuevas coleccciones &#8211; Cer\u00e1mica<\/a>, <a href=\"https:\/\/www.ferrcos.es\/fr\/category\/productos-fr\/\" rel=\"category tag\">Produits<\/a>\t\t\t\t<\/div>\n\t\t\t\n\t\t\t\t\t<\/div>\n\t\t\n\t\t\t\t\t<\/div>\n\n\t\t\t\t\t\t\t\t\t\t\n\t\t\t\t<\/div>\n\t\t\t<\/div>\n\t\t<\/div>\n\n\t\t\t\t<div class=\"premium-blog-post-outer-container nuevas-coleccciones-ceramica-fr productos-fr\" data-total=\"6\">\n\t\t\t<div class=\"premium-blog-post-container premium-blog-skin-classic\">\n\t\t\t\t\t\t\t\t\t<div class=\"premium-blog-thumb-effect-wrapper\">\n\t\t\t\t\t\t<div class=\"premium-blog-thumbnail-container premium-blog-zoomin-effect\">\n\t\t\t\t\t\t\t<img loading=\"lazy\" decoding=\"async\" width=\"2560\" height=\"1600\" src=\"https:\/\/www.ferrcos.es\/wp-content\/uploads\/2026\/03\/16059_z_COVER_2640-1-scaled.jpg\" class=\"attachment-full size-full wp-image-6453\" alt=\"\" srcset=\"https:\/\/www.ferrcos.es\/wp-content\/uploads\/2026\/03\/16059_z_COVER_2640-1-scaled.jpg 2560w, https:\/\/www.ferrcos.es\/wp-content\/uploads\/2026\/03\/16059_z_COVER_2640-1-300x188.jpg 300w, https:\/\/www.ferrcos.es\/wp-content\/uploads\/2026\/03\/16059_z_COVER_2640-1-1024x640.jpg 1024w, https:\/\/www.ferrcos.es\/wp-content\/uploads\/2026\/03\/16059_z_COVER_2640-1-768x480.jpg 768w, https:\/\/www.ferrcos.es\/wp-content\/uploads\/2026\/03\/16059_z_COVER_2640-1-1536x960.jpg 1536w, https:\/\/www.ferrcos.es\/wp-content\/uploads\/2026\/03\/16059_z_COVER_2640-1-2048x1280.jpg 2048w\" sizes=\"(max-width: 2560px) 100vw, 2560px\" \/>\t\t\t\t\t\t<\/div>\n\t\t\t\t\t\t\t\t\t\t\t\t\t<div class=\"premium-blog-thumbnail-overlay\">\n\t\t\t\t\t\t\t\t<a class=\"elementor-icon\" href=\"https:\/\/www.ferrcos.es\/fr\/aria-by-ronan-bouroullec-ritmo-ligereza-y-ceramica-arquitectonica\/\" target=\"_self\"><\/a>\n\t\t\t\t\t\t\t<\/div>\n\n\t\t\t\t\t\t\t\t\t\t\t\t\t\t\t\t\t\t<\/div>\n\t\t\t\t\t\t\t\t\t\t\t\t<div class=\"premium-blog-content-wrapper \">\n\n\t\t\t\t\t<div class=\"premium-blog-inner-container\">\n\n\t\t\t\t\t\t\t\t\t\t\t\t\t\t<h2 class=\"premium-blog-entry-title\">\n\t\t\t<a href=\"https:\/\/www.ferrcos.es\/fr\/aria-by-ronan-bouroullec-ritmo-ligereza-y-ceramica-arquitectonica\/\" target=\"_self\">\n\t\t\t\tAria par Ronan Bouroullec : rythme, l\u00e9g\u00e8ret\u00e9 et c\u00e9ramique architecturale\t\t\t<\/a>\n\t\t<\/h2>\n\t\t\t\t<div class=\"premium-blog-entry-meta\">\n\t\t\t\n\t\t\t\n\t\t\t\t\t\t\t<span class=\"premium-blog-meta-separator\">\u2022<\/span>\n\t\t\t\t<div class=\"premium-blog-post-categories premium-blog-meta-data\">\n\t\t\t\t\t<i class=\"fa fa-align-left fa-fw\" aria-hidden=\"true\"><\/i>\n\t\t\t\t\t<a href=\"https:\/\/www.ferrcos.es\/fr\/category\/nuevas-coleccciones-ceramica-fr\/\" rel=\"category tag\">Nuevas coleccciones &#8211; Cer\u00e1mica<\/a>, <a href=\"https:\/\/www.ferrcos.es\/fr\/category\/productos-fr\/\" rel=\"category tag\">Produits<\/a>\t\t\t\t<\/div>\n\t\t\t\n\t\t\t\t\t<\/div>\n\t\t\n\t\t\t\t\t<\/div>\n\n\t\t\t\t\t\t\t\t\t\t\n\t\t\t\t<\/div>\n\t\t\t<\/div>\n\t\t<\/div>\n\n\t\t\t\t<div class=\"premium-blog-post-outer-container restaurantes-fr proyectos-fr\" data-total=\"6\">\n\t\t\t<div class=\"premium-blog-post-container premium-blog-skin-classic\">\n\t\t\t\t\t\t\t\t\t<div class=\"premium-blog-thumb-effect-wrapper\">\n\t\t\t\t\t\t<div class=\"premium-blog-thumbnail-container premium-blog-zoomin-effect\">\n\t\t\t\t\t\t\t<img loading=\"lazy\" decoding=\"async\" width=\"2208\" height=\"1920\" src=\"https:\/\/www.ferrcos.es\/wp-content\/uploads\/2026\/02\/MARLONS_049B.jpg\" class=\"attachment-full size-full wp-image-6342\" alt=\"\" srcset=\"https:\/\/www.ferrcos.es\/wp-content\/uploads\/2026\/02\/MARLONS_049B.jpg 2208w, https:\/\/www.ferrcos.es\/wp-content\/uploads\/2026\/02\/MARLONS_049B-300x261.jpg 300w, https:\/\/www.ferrcos.es\/wp-content\/uploads\/2026\/02\/MARLONS_049B-1024x890.jpg 1024w, https:\/\/www.ferrcos.es\/wp-content\/uploads\/2026\/02\/MARLONS_049B-768x668.jpg 768w, https:\/\/www.ferrcos.es\/wp-content\/uploads\/2026\/02\/MARLONS_049B-1536x1336.jpg 1536w, https:\/\/www.ferrcos.es\/wp-content\/uploads\/2026\/02\/MARLONS_049B-2048x1781.jpg 2048w\" sizes=\"(max-width: 2208px) 100vw, 2208px\" \/>\t\t\t\t\t\t<\/div>\n\t\t\t\t\t\t\t\t\t\t\t\t\t<div class=\"premium-blog-thumbnail-overlay\">\n\t\t\t\t\t\t\t\t<a class=\"elementor-icon\" href=\"https:\/\/www.ferrcos.es\/fr\/marlons-proyecto-de-hamburgueseria-smash-en-madrid\/\" target=\"_self\"><\/a>\n\t\t\t\t\t\t\t<\/div>\n\n\t\t\t\t\t\t\t\t\t\t\t\t\t\t\t\t\t\t<\/div>\n\t\t\t\t\t\t\t\t\t\t\t\t<div class=\"premium-blog-content-wrapper \">\n\n\t\t\t\t\t<div class=\"premium-blog-inner-container\">\n\n\t\t\t\t\t\t\t\t\t\t\t\t\t\t<h2 class=\"premium-blog-entry-title\">\n\t\t\t<a href=\"https:\/\/www.ferrcos.es\/fr\/marlons-proyecto-de-hamburgueseria-smash-en-madrid\/\" target=\"_self\">\n\t\t\t\tMarlons \u00b7 Projet de smash burger \u00e0 Madrid\t\t\t<\/a>\n\t\t<\/h2>\n\t\t\t\t<div class=\"premium-blog-entry-meta\">\n\t\t\t\n\t\t\t\n\t\t\t\t\t\t\t<span class=\"premium-blog-meta-separator\">\u2022<\/span>\n\t\t\t\t<div class=\"premium-blog-post-categories premium-blog-meta-data\">\n\t\t\t\t\t<i class=\"fa fa-align-left fa-fw\" aria-hidden=\"true\"><\/i>\n\t\t\t\t\t<a href=\"https:\/\/www.ferrcos.es\/fr\/category\/restaurantes-fr\/\" rel=\"category tag\">-Restaurantes<\/a>, <a href=\"https:\/\/www.ferrcos.es\/fr\/category\/proyectos-fr\/\" rel=\"category tag\">Projets<\/a>\t\t\t\t<\/div>\n\t\t\t\n\t\t\t\t\t<\/div>\n\t\t\n\t\t\t\t\t<\/div>\n\n\t\t\t\t\t\t\t\t\t\t\n\t\t\t\t<\/div>\n\t\t\t<\/div>\n\t\t<\/div>\n\n\t\t\t\t<div class=\"premium-blog-post-outer-container nuevas-colecciones-griferia-fr productos-fr\" data-total=\"6\">\n\t\t\t<div class=\"premium-blog-post-container premium-blog-skin-classic\">\n\t\t\t\t\t\t\t\t\t<div class=\"premium-blog-thumb-effect-wrapper\">\n\t\t\t\t\t\t<div class=\"premium-blog-thumbnail-container premium-blog-zoomin-effect\">\n\t\t\t\t\t\t\t<img loading=\"lazy\" decoding=\"async\" width=\"2560\" height=\"1705\" src=\"https:\/\/www.ferrcos.es\/wp-content\/uploads\/2026\/01\/Captura-de-pantalla-2026-01-28-a-las-10.11.08-scaled.png\" class=\"attachment-full size-full wp-image-6156\" alt=\"\" srcset=\"https:\/\/www.ferrcos.es\/wp-content\/uploads\/2026\/01\/Captura-de-pantalla-2026-01-28-a-las-10.11.08-scaled.png 2560w, https:\/\/www.ferrcos.es\/wp-content\/uploads\/2026\/01\/Captura-de-pantalla-2026-01-28-a-las-10.11.08-300x200.png 300w, https:\/\/www.ferrcos.es\/wp-content\/uploads\/2026\/01\/Captura-de-pantalla-2026-01-28-a-las-10.11.08-1024x682.png 1024w, https:\/\/www.ferrcos.es\/wp-content\/uploads\/2026\/01\/Captura-de-pantalla-2026-01-28-a-las-10.11.08-768x511.png 768w, https:\/\/www.ferrcos.es\/wp-content\/uploads\/2026\/01\/Captura-de-pantalla-2026-01-28-a-las-10.11.08-1536x1023.png 1536w, https:\/\/www.ferrcos.es\/wp-content\/uploads\/2026\/01\/Captura-de-pantalla-2026-01-28-a-las-10.11.08-2048x1364.png 2048w\" sizes=\"(max-width: 2560px) 100vw, 2560px\" \/>\t\t\t\t\t\t<\/div>\n\t\t\t\t\t\t\t\t\t\t\t\t\t<div class=\"premium-blog-thumbnail-overlay\">\n\t\t\t\t\t\t\t\t<a class=\"elementor-icon\" href=\"https:\/\/www.ferrcos.es\/fr\/griferia-torino-concept-extreme-by-fantini\/\" target=\"_self\"><\/a>\n\t\t\t\t\t\t\t<\/div>\n\n\t\t\t\t\t\t\t\t\t\t\t\t\t\t\t\t\t\t<\/div>\n\t\t\t\t\t\t\t\t\t\t\t\t<div class=\"premium-blog-content-wrapper \">\n\n\t\t\t\t\t<div class=\"premium-blog-inner-container\">\n\n\t\t\t\t\t\t\t\t\t\t\t\t\t\t<h2 class=\"premium-blog-entry-title\">\n\t\t\t<a href=\"https:\/\/www.ferrcos.es\/fr\/griferia-torino-concept-extreme-by-fantini\/\" target=\"_self\">\n\t\t\t\tRobinetterie Torino \u2013 Concept Extreme de Fantini\t\t\t<\/a>\n\t\t<\/h2>\n\t\t\t\t<div class=\"premium-blog-entry-meta\">\n\t\t\t\n\t\t\t\n\t\t\t\t\t\t\t<span class=\"premium-blog-meta-separator\">\u2022<\/span>\n\t\t\t\t<div class=\"premium-blog-post-categories premium-blog-meta-data\">\n\t\t\t\t\t<i class=\"fa fa-align-left fa-fw\" aria-hidden=\"true\"><\/i>\n\t\t\t\t\t<a href=\"https:\/\/www.ferrcos.es\/fr\/category\/nuevas-colecciones-griferia-fr\/\" rel=\"category tag\">Nouvelles collections - robinetterie<\/a>, <a href=\"https:\/\/www.ferrcos.es\/fr\/category\/productos-fr\/\" rel=\"category tag\">Produits<\/a>\t\t\t\t<\/div>\n\t\t\t\n\t\t\t\t\t<\/div>\n\t\t\n\t\t\t\t\t<\/div>\n\n\t\t\t\t\t\t\t\t\t\t\n\t\t\t\t<\/div>\n\t\t\t<\/div>\n\t\t<\/div>\n\n\t\t\t\t\t\t\t<\/div>\n\n\t\t\t\t\t<div class=\"premium-blog-footer\">\n\t\t\t\t\t\t\t<nav class=\"premium-blog-pagination-container\" role=\"navigation\" aria-label=\"Pagination\">\n\t\t\t\t<span aria-current=\"page\" class=\"page-numbers current\">1<\/span>\n<a class=\"page-numbers\" href=\"https:\/\/www.ferrcos.es\/fr\/wp-json\/wp\/v2\/pages\/3441\/page\/2\/\">2<\/a>\n<a class=\"page-numbers\" href=\"https:\/\/www.ferrcos.es\/fr\/wp-json\/wp\/v2\/pages\/3441\/page\/3\/\">3<\/a>\n<span class=\"page-numbers dots\">\u2026<\/span>\n<a class=\"page-numbers\" href=\"https:\/\/www.ferrcos.es\/fr\/wp-json\/wp\/v2\/pages\/3441\/page\/5\/\">5<\/a>\n<a class=\"next page-numbers\" href=\"https:\/\/www.ferrcos.es\/fr\/wp-json\/wp\/v2\/pages\/3441\/page\/2\/\">Siguiente \u00bb<\/a>\t\t\t<\/nav>\n\t\t\t\t\t\t<\/div>\n\t\t\n\t\t\n\t\t\t\t\t\t<\/div>\n\t\t\t\t\t<\/div>\n\t\t<\/div>\n\t\t\t\t\t<\/div>\n\t\t<\/section>\n\t\t\t\t<\/div>\n\t\t","protected":false},"excerpt":{"rendered":"<p>Nouvelles Todas Entreprise Produits Projets Tendances Horaires sp\u00e9ciaux de No\u00ebl : Ferm\u00e9 du 24 d\u00e9cembre au 2 janvier Horaires sp\u00e9ciaux de No\u00ebl : Ferm\u00e9 du 24 d\u00e9cembre au 2 janvier \u2022 Entreprise Serie IlbagnoAlessi Serie IlbagnoAlessi \u2022 Nuevas colecciones &#8211; Sanitarios, Produits Serie IlbagnoAlessi Serie IlbagnoAlessi \u2022 Nuevas colecciones &#8211; Sanitarios, Produits Niches pour salles [&hellip;]<\/p>\n","protected":false},"author":1,"featured_media":0,"parent":0,"menu_order":0,"comment_status":"closed","ping_status":"closed","template":"","meta":{"footnotes":""},"class_list":["post-3441","page","type-page","status-publish","hentry"],"_links":{"self":[{"href":"https:\/\/www.ferrcos.es\/fr\/wp-json\/wp\/v2\/pages\/3441","targetHints":{"allow":["GET"]}}],"collection":[{"href":"https:\/\/www.ferrcos.es\/fr\/wp-json\/wp\/v2\/pages"}],"about":[{"href":"https:\/\/www.ferrcos.es\/fr\/wp-json\/wp\/v2\/types\/page"}],"author":[{"embeddable":true,"href":"https:\/\/www.ferrcos.es\/fr\/wp-json\/wp\/v2\/users\/1"}],"replies":[{"embeddable":true,"href":"https:\/\/www.ferrcos.es\/fr\/wp-json\/wp\/v2\/comments?post=3441"}],"version-history":[{"count":7,"href":"https:\/\/www.ferrcos.es\/fr\/wp-json\/wp\/v2\/pages\/3441\/revisions"}],"predecessor-version":[{"id":5802,"href":"https:\/\/www.ferrcos.es\/fr\/wp-json\/wp\/v2\/pages\/3441\/revisions\/5802"}],"wp:attachment":[{"href":"https:\/\/www.ferrcos.es\/fr\/wp-json\/wp\/v2\/media?parent=3441"}],"curies":[{"name":"wp","href":"https:\/\/api.w.org\/{rel}","templated":true}]}}